{"id":35,"date":"2023-02-20T07:41:00","date_gmt":"2023-02-20T07:41:00","guid":{"rendered":"https:\/\/urbanjournalism.institute\/forecast\/fr\/forecast-2023\/culture\/rabat-capitale-de-la-culture-africaine\/"},"modified":"2023-02-20T07:41:00","modified_gmt":"2023-02-20T07:41:00","slug":"rabat-capitale-de-la-culture-africaine","status":"publish","type":"page","link":"https:\/\/urbanjournalism.institute\/forecast-fr\/forecast-2023\/culture\/rabat-capitale-de-la-culture-africaine\/","title":{"rendered":"Rabat, Capitale de la Culture Africaine"},"content":{"rendered":"\n<div class=\"wp-block-group\"><div class=\"wp-block-group__inner-container is-layout-constrained wp-block-group-is-layout-constrained\">\n<div class=\"wp-block-columns are-vertically-aligned-center is-layout-flex wp-container-core-columns-is-layout-9d6595d7 wp-block-columns-is-layout-flex\">\n<div class=\"wp-block-column is-vertically-aligned-center is-layout-flow wp-block-column-is-layout-flow\">\n<header class=\"wp-block-group\"><div class=\"wp-block-group__inner-container is-layout-constrained wp-block-group-is-layout-constrained\">\n<hr class=\"wp-block-separator has-alpha-channel-opacity\" \/>\n\n\n\n<h1 class=\"wp-block-heading\">Rabat, Capitale de la Culture Africaine<\/h1>\n<\/div><\/header>\n\n\n\n<p>Rabat, la capitale du Maroc, a \u00e9t\u00e9 officiellement d\u00e9sign\u00e9e Capitale africaine de la culture 2022\/2023, un choix qui renforce le positionnement international de la ville sur la carte mondiale de la culture. Le titre a \u00e9t\u00e9 officialis\u00e9 lors d\u2019une c\u00e9r\u00e9monie au th\u00e9\u00e2tre Mohammed V en f\u00e9vrier 2020, o\u00f9 le Comit\u00e9 des capitales africaines de la culture a officiellement annonc\u00e9 le choix de Rabat. Marrakech avait \u00e9t\u00e9 initialement choisie pour recevoir le titre en 2020, mais le gouvernement marocain a repouss\u00e9 le choix \u00e0 2022\/2023 et remplac\u00e9 Marrakech par Rabat comme h\u00f4te.<\/p>\n\n\n\n<p>Cela fait des ann\u00e9es que le secteur de l\u2019art et de la culture est en discussion \u00e0 travers le continent africain pour lancer l\u2019initiative \u201cCapitales africaines de la culture\u201d. L\u2019une des r\u00e9unions organis\u00e9es en 2018 \u00e0 Kigali a permis de mieux faire conna\u00eetre cette initiative. A cette occasion, la municipalit\u00e9 de Kigali a exprim\u00e9 son intention de se porter candidate pour accueillir le titre en 2022\/2023, mais le titre de 2020 ayant \u00e9t\u00e9 repouss\u00e9 de trois ans, Kigali pourrait \u00e0 nouveau se porter candidate pour 2026.<\/p>\n\n\n\n<p>Rabat a commenc\u00e9 \u00e0 c\u00e9l\u00e9brer son r\u00f4le de capitale de la culture africaine en promouvant une s\u00e9rie de festivit\u00e9s annuels, comme le festival des arts de rue, le festival de musique, des s\u00e9ances de cin\u00e9ma sur la plage, etc.<\/p>\n\n\n\n<p>La d\u00e9signation des Capitales africaines de la culture est un programme soutenu par Cit\u00e9s et Gouvernements Locaux Unis d\u2019Afrique (CGLU Afrique). Cr\u00e9\u00e9 par des Africains pour des Africains, comme le pr\u00e9cise la communication officielle, il s\u2019agit d\u2019un programme qui vise \u00e0 dessiner, pour le continent et le reste du monde, des sc\u00e9narios alternatifs de d\u00e9veloppement fond\u00e9s sur une \u00e9paisseur culturelle in\u00e9gal\u00e9e et r\u00e9pondant aux d\u00e9fis de la transition, qui est un \u00e9l\u00e9ment cl\u00e9 de notre avenir commun.<\/p>\n\n\n\n<p>Tous les trois ans, une ville d\u2019Afrique sera donc nomm\u00e9e Capitale Africaine de la Culture pour douze mois cons\u00e9cutifs d\u2019\u00e9v\u00e8nements. Chacune de ces Capitales sera amen\u00e9e \u00e0 accueillir le reste de l\u2019Afrique. Pendant un an, elle deviendra le carrefour de la cr\u00e9ativit\u00e9 du continent, de ses territoires et de ses villes. Chaque \u00e9dition offrira une visibilit\u00e9 mondiale in\u00e9dite gr\u00e2ce \u00e0 des programmes pilot\u00e9s par le Comit\u00e9 d\u2019organisation des Capitales Africaines de la Culture. Ces programmes seront d\u00e9ploy\u00e9s en continu sur le continent en mettront en relation les acteurs cr\u00e9atifs de toutes les villes africaines.<\/p>\n\n\n\n<p>Pour plus d\u2019informations sur le programme, veuillez consulter le site web :<br><a href=\"https:\/\/rcac2022.com\/\">https:\/\/rcac2022.com\/<\/a><\/p>\n<\/div>\n\n\n\n<div class=\"wp-block-column is-vertically-aligned-center is-layout-flow wp-block-column-is-layout-flow\">\n<figure class=\"wp-block-image size-large\"><img decoding=\"async\" src=\"https:\/\/urbanjournalism.institute\/forecast\/wp-content\/themes\/forecast\/dist\/assets\/images\/editorial\/page-32.jpg\" alt=\"\" \/><figcaption class=\"wp-element-caption\"><em>Rabat, Maroc, Afrique&nbsp;<\/em><br><em>\u00a9 olenatur<\/em><\/figcaption><\/figure>\n<\/div>\n<\/div>\n<\/div><\/div>\n","protected":false},"excerpt":{"rendered":"<p>Rabat, Capitale de la Culture Africaine Rabat, la capitale du Maroc, a \u00e9t\u00e9 officiellement d\u00e9sign\u00e9e Capitale africaine de la culture 2022\/2023, un choix qui renforce le positionnement international de la ville sur la carte mondiale de la culture. Le titre a \u00e9t\u00e9 officialis\u00e9 lors d\u2019une c\u00e9r\u00e9monie au th\u00e9\u00e2tre Mohammed V en f\u00e9vrier 2020, o\u00f9 le [&hellip;]<\/p>\n","protected":false},"author":1,"featured_media":0,"parent":31,"menu_order":30,"comment_status":"closed","ping_status":"closed","template":"","meta":{"footnotes":""},"class_list":["post-35","page","type-page","status-publish","hentry"],"yoast_head":"<!-- This site is optimized with the Yoast SEO plugin v27.0 - https:\/\/yoast.com\/product\/yoast-seo-wordpress\/ -->\n<title>Rabat, Capitale de la Culture Africaine - Municipal Forecast - Fran\u00e7ais<\/title>\n<meta name=\"robots\" content=\"index, follow, max-snippet:-1, max-image-preview:large, max-video-preview:-1\" \/>\n<link rel=\"canonical\" href=\"https:\/\/urbanjournalism.institute\/forecast-fr\/forecast-2023\/culture\/rabat-capitale-de-la-culture-africaine\/\" \/>\n<meta property=\"og:locale\" content=\"fr_FR\" \/>\n<meta property=\"og:type\" content=\"article\" \/>\n<meta property=\"og:title\" content=\"Rabat, Capitale de la Culture Africaine - Municipal Forecast - Fran\u00e7ais\" \/>\n<meta property=\"og:description\" content=\"Rabat, Capitale de la Culture Africaine Rabat, la capitale du Maroc, a \u00e9t\u00e9 officiellement d\u00e9sign\u00e9e Capitale africaine de la culture 2022\/2023, un choix qui renforce le positionnement international de la ville sur la carte mondiale de la culture. Le titre a \u00e9t\u00e9 officialis\u00e9 lors d\u2019une c\u00e9r\u00e9monie au th\u00e9\u00e2tre Mohammed V en f\u00e9vrier 2020, o\u00f9 le [&hellip;]\" \/>\n<meta property=\"og:url\" content=\"https:\/\/urbanjournalism.institute\/forecast-fr\/forecast-2023\/culture\/rabat-capitale-de-la-culture-africaine\/\" \/>\n<meta property=\"og:site_name\" content=\"Municipal Forecast - Fran\u00e7ais\" \/>\n<meta property=\"og:image\" content=\"https:\/\/urbanjournalism.institute\/forecast\/wp-content\/themes\/forecast\/dist\/assets\/images\/editorial\/page-32.jpg\" \/>\n<meta name=\"twitter:card\" content=\"summary_large_image\" \/>\n<meta name=\"twitter:label1\" content=\"Dur\u00e9e de lecture estim\u00e9e\" \/>\n\t<meta name=\"twitter:data1\" content=\"2 minutes\" \/>\n<script type=\"application\/ld+json\" class=\"yoast-schema-graph\">{\"@context\":\"https:\/\/schema.org\",\"@graph\":[{\"@type\":\"WebPage\",\"@id\":\"https:\/\/urbanjournalism.institute\/forecast-fr\/forecast-2023\/culture\/rabat-capitale-de-la-culture-africaine\/\",\"url\":\"https:\/\/urbanjournalism.institute\/forecast-fr\/forecast-2023\/culture\/rabat-capitale-de-la-culture-africaine\/\",\"name\":\"Rabat, Capitale de la Culture Africaine - Municipal Forecast - Fran\u00e7ais\",\"isPartOf\":{\"@id\":\"https:\/\/urbanjournalism.institute\/forecast-fr\/#website\"},\"primaryImageOfPage\":{\"@id\":\"https:\/\/urbanjournalism.institute\/forecast-fr\/forecast-2023\/culture\/rabat-capitale-de-la-culture-africaine\/#primaryimage\"},\"image\":{\"@id\":\"https:\/\/urbanjournalism.institute\/forecast-fr\/forecast-2023\/culture\/rabat-capitale-de-la-culture-africaine\/#primaryimage\"},\"thumbnailUrl\":\"https:\/\/urbanjournalism.institute\/forecast\/wp-content\/themes\/forecast\/dist\/assets\/images\/editorial\/page-32.jpg\",\"datePublished\":\"2023-02-20T07:41:00+00:00\",\"breadcrumb\":{\"@id\":\"https:\/\/urbanjournalism.institute\/forecast-fr\/forecast-2023\/culture\/rabat-capitale-de-la-culture-africaine\/#breadcrumb\"},\"inLanguage\":\"fr-FR\",\"potentialAction\":[{\"@type\":\"ReadAction\",\"target\":[\"https:\/\/urbanjournalism.institute\/forecast-fr\/forecast-2023\/culture\/rabat-capitale-de-la-culture-africaine\/\"]}]},{\"@type\":\"ImageObject\",\"inLanguage\":\"fr-FR\",\"@id\":\"https:\/\/urbanjournalism.institute\/forecast-fr\/forecast-2023\/culture\/rabat-capitale-de-la-culture-africaine\/#primaryimage\",\"url\":\"https:\/\/urbanjournalism.institute\/forecast\/wp-content\/themes\/forecast\/dist\/assets\/images\/editorial\/page-32.jpg\",\"contentUrl\":\"https:\/\/urbanjournalism.institute\/forecast\/wp-content\/themes\/forecast\/dist\/assets\/images\/editorial\/page-32.jpg\"},{\"@type\":\"BreadcrumbList\",\"@id\":\"https:\/\/urbanjournalism.institute\/forecast-fr\/forecast-2023\/culture\/rabat-capitale-de-la-culture-africaine\/#breadcrumb\",\"itemListElement\":[{\"@type\":\"ListItem\",\"position\":1,\"name\":\"Forecast 2023\",\"item\":\"https:\/\/urbanjournalism.institute\/forecast-fr\/forecast-2023\/\"},{\"@type\":\"ListItem\",\"position\":2,\"name\":\"Culture\",\"item\":\"https:\/\/urbanjournalism.institute\/forecast-fr\/forecast-2023\/culture\/\"},{\"@type\":\"ListItem\",\"position\":3,\"name\":\"Rabat, Capitale de la Culture Africaine\"}]},{\"@type\":\"WebSite\",\"@id\":\"https:\/\/urbanjournalism.institute\/forecast-fr\/#website\",\"url\":\"https:\/\/urbanjournalism.institute\/forecast-fr\/\",\"name\":\"Municipal Forecast - Fran\u00e7ais\",\"description\":\"\",\"potentialAction\":[{\"@type\":\"SearchAction\",\"target\":{\"@type\":\"EntryPoint\",\"urlTemplate\":\"https:\/\/urbanjournalism.institute\/forecast-fr\/?s={search_term_string}\"},\"query-input\":{\"@type\":\"PropertyValueSpecification\",\"valueRequired\":true,\"valueName\":\"search_term_string\"}}],\"inLanguage\":\"fr-FR\"}]}<\/script>\n<!-- \/ Yoast SEO plugin. -->","yoast_head_json":{"title":"Rabat, Capitale de la Culture Africaine - Municipal Forecast - Fran\u00e7ais","robots":{"index":"index","follow":"follow","max-snippet":"max-snippet:-1","max-image-preview":"max-image-preview:large","max-video-preview":"max-video-preview:-1"},"canonical":"https:\/\/urbanjournalism.institute\/forecast-fr\/forecast-2023\/culture\/rabat-capitale-de-la-culture-africaine\/","og_locale":"fr_FR","og_type":"article","og_title":"Rabat, Capitale de la Culture Africaine - Municipal Forecast - Fran\u00e7ais","og_description":"Rabat, Capitale de la Culture Africaine Rabat, la capitale du Maroc, a \u00e9t\u00e9 officiellement d\u00e9sign\u00e9e Capitale africaine de la culture 2022\/2023, un choix qui renforce le positionnement international de la ville sur la carte mondiale de la culture. Le titre a \u00e9t\u00e9 officialis\u00e9 lors d\u2019une c\u00e9r\u00e9monie au th\u00e9\u00e2tre Mohammed V en f\u00e9vrier 2020, o\u00f9 le [&hellip;]","og_url":"https:\/\/urbanjournalism.institute\/forecast-fr\/forecast-2023\/culture\/rabat-capitale-de-la-culture-africaine\/","og_site_name":"Municipal Forecast - Fran\u00e7ais","og_image":[{"url":"https:\/\/urbanjournalism.institute\/forecast\/wp-content\/themes\/forecast\/dist\/assets\/images\/editorial\/page-32.jpg","type":"","width":"","height":""}],"twitter_card":"summary_large_image","twitter_misc":{"Dur\u00e9e de lecture estim\u00e9e":"2 minutes"},"schema":{"@context":"https:\/\/schema.org","@graph":[{"@type":"WebPage","@id":"https:\/\/urbanjournalism.institute\/forecast-fr\/forecast-2023\/culture\/rabat-capitale-de-la-culture-africaine\/","url":"https:\/\/urbanjournalism.institute\/forecast-fr\/forecast-2023\/culture\/rabat-capitale-de-la-culture-africaine\/","name":"Rabat, Capitale de la Culture Africaine - Municipal Forecast - Fran\u00e7ais","isPartOf":{"@id":"https:\/\/urbanjournalism.institute\/forecast-fr\/#website"},"primaryImageOfPage":{"@id":"https:\/\/urbanjournalism.institute\/forecast-fr\/forecast-2023\/culture\/rabat-capitale-de-la-culture-africaine\/#primaryimage"},"image":{"@id":"https:\/\/urbanjournalism.institute\/forecast-fr\/forecast-2023\/culture\/rabat-capitale-de-la-culture-africaine\/#primaryimage"},"thumbnailUrl":"https:\/\/urbanjournalism.institute\/forecast\/wp-content\/themes\/forecast\/dist\/assets\/images\/editorial\/page-32.jpg","datePublished":"2023-02-20T07:41:00+00:00","breadcrumb":{"@id":"https:\/\/urbanjournalism.institute\/forecast-fr\/forecast-2023\/culture\/rabat-capitale-de-la-culture-africaine\/#breadcrumb"},"inLanguage":"fr-FR","potentialAction":[{"@type":"ReadAction","target":["https:\/\/urbanjournalism.institute\/forecast-fr\/forecast-2023\/culture\/rabat-capitale-de-la-culture-africaine\/"]}]},{"@type":"ImageObject","inLanguage":"fr-FR","@id":"https:\/\/urbanjournalism.institute\/forecast-fr\/forecast-2023\/culture\/rabat-capitale-de-la-culture-africaine\/#primaryimage","url":"https:\/\/urbanjournalism.institute\/forecast\/wp-content\/themes\/forecast\/dist\/assets\/images\/editorial\/page-32.jpg","contentUrl":"https:\/\/urbanjournalism.institute\/forecast\/wp-content\/themes\/forecast\/dist\/assets\/images\/editorial\/page-32.jpg"},{"@type":"BreadcrumbList","@id":"https:\/\/urbanjournalism.institute\/forecast-fr\/forecast-2023\/culture\/rabat-capitale-de-la-culture-africaine\/#breadcrumb","itemListElement":[{"@type":"ListItem","position":1,"name":"Forecast 2023","item":"https:\/\/urbanjournalism.institute\/forecast-fr\/forecast-2023\/"},{"@type":"ListItem","position":2,"name":"Culture","item":"https:\/\/urbanjournalism.institute\/forecast-fr\/forecast-2023\/culture\/"},{"@type":"ListItem","position":3,"name":"Rabat, Capitale de la Culture Africaine"}]},{"@type":"WebSite","@id":"https:\/\/urbanjournalism.institute\/forecast-fr\/#website","url":"https:\/\/urbanjournalism.institute\/forecast-fr\/","name":"Municipal Forecast - Fran\u00e7ais","description":"","potentialAction":[{"@type":"SearchAction","target":{"@type":"EntryPoint","urlTemplate":"https:\/\/urbanjournalism.institute\/forecast-fr\/?s={search_term_string}"},"query-input":{"@type":"PropertyValueSpecification","valueRequired":true,"valueName":"search_term_string"}}],"inLanguage":"fr-FR"}]}},"_links":{"self":[{"href":"https:\/\/urbanjournalism.institute\/forecast-fr\/wp-json\/wp\/v2\/pages\/35","targetHints":{"allow":["GET"]}}],"collection":[{"href":"https:\/\/urbanjournalism.institute\/forecast-fr\/wp-json\/wp\/v2\/pages"}],"about":[{"href":"https:\/\/urbanjournalism.institute\/forecast-fr\/wp-json\/wp\/v2\/types\/page"}],"author":[{"embeddable":true,"href":"https:\/\/urbanjournalism.institute\/forecast-fr\/wp-json\/wp\/v2\/users\/1"}],"replies":[{"embeddable":true,"href":"https:\/\/urbanjournalism.institute\/forecast-fr\/wp-json\/wp\/v2\/comments?post=35"}],"version-history":[{"count":0,"href":"https:\/\/urbanjournalism.institute\/forecast-fr\/wp-json\/wp\/v2\/pages\/35\/revisions"}],"up":[{"embeddable":true,"href":"https:\/\/urbanjournalism.institute\/forecast-fr\/wp-json\/wp\/v2\/pages\/31"}],"wp:attachment":[{"href":"https:\/\/urbanjournalism.institute\/forecast-fr\/wp-json\/wp\/v2\/media?parent=35"}],"curies":[{"name":"wp","href":"https:\/\/api.w.org\/{rel}","templated":true}]}}