{"id":61,"date":"2024-02-18T09:31:27","date_gmt":"2024-02-18T09:31:27","guid":{"rendered":"https:\/\/urbanjournalism.institute\/forecast-fr\/forecast-2024\/climate-challenges-in-2024\/water-as-a-global-common-good\/"},"modified":"2024-02-19T08:51:26","modified_gmt":"2024-02-19T08:51:26","slug":"water-as-a-global-common-good","status":"publish","type":"page","link":"https:\/\/urbanjournalism.institute\/forecast-fr\/forecast-2024\/climate-challenges-in-2024\/water-as-a-global-common-good\/","title":{"rendered":"L\u2019eau en tant que bien commun mondial"},"content":{"rendered":"\n<div class=\"wp-block-group\"><div class=\"wp-block-group__inner-container is-layout-constrained wp-block-group-is-layout-constrained\">\n<h1 class=\"wp-block-heading mb-10 has-x-large-font-size\">L\u2019eau en tant que bien commun mondial<\/h1>\n\n\n\n<div class=\"wp-block-columns is-layout-flex wp-container-core-columns-is-layout-9d6595d7 wp-block-columns-is-layout-flex\">\n<div class=\"wp-block-column is-layout-flow wp-block-column-is-layout-flow\">\n<figure class=\"wp-block-image size-large\"><img decoding=\"async\" src=\"\/wp-content\/themes\/uji\/img\/mf24\/water-as-a-global-common-good.jpg\" alt=\"\" \/><figcaption class=\"wp-element-caption\"><em>\u00a9&nbsp; Evangeline Shaw<\/em><\/figcaption><\/figure>\n<\/div>\n\n\n\n<div class=\"wp-block-column is-layout-flow wp-block-column-is-layout-flow\">\n<p>L\u2019eau est une ressource indispensable cruciale pour la survie humaine, la sant\u00e9, la prosp\u00e9rit\u00e9 \u00e9conomique et la durabilit\u00e9 environnementale. Malgr\u00e9 sa reconnaissance en tant que droit humain fondamental par les Nations Unies, le d\u00e9fi d\u2019acc\u00e9der \u00e0 l\u2019eau potable et \u00e0 l\u2019assainissement persiste, notamment au niveau local et r\u00e9gional. Des probl\u00e8mes tels que la p\u00e9nurie d\u2019eau, la pollution et les impacts du changement climatique affectent de mani\u00e8re disproportionn\u00e9e les communaut\u00e9s vuln\u00e9rables, les femmes supportant un fardeau significatif.<\/p>\n\n\n\n<p>Les gouvernements locaux et r\u00e9gionaux jouent un r\u00f4le crucial dans la r\u00e9solution de ces d\u00e9fis, car ils sont charg\u00e9s de fournir des services d\u2019eau et d\u2019assainissement. R\u00e9soudre les probl\u00e8mes li\u00e9s \u00e0 l\u2019eau n\u00e9cessite des efforts collaboratifs impliquant ces gouvernements pour faire progresser le d\u00e9veloppement durable et att\u00e9nuer les disparit\u00e9s. Ces principes d\u2019action sont r\u00e9affirm\u00e9s dans le Pacte pour l\u2019avenir de l\u2019UCLG adopt\u00e9 en octobre 2022.<\/p>\n\n\n\n<p>L\u2019ann\u00e9e 2023 a marqu\u00e9 un tournant dans les efforts collectifs pour relever les d\u00e9fis critiques de l\u2019eau. La Conf\u00e9rence de l\u2019eau des Nations Unies tenue en mars de cette ann\u00e9e-l\u00e0 a suscit\u00e9 une mobilisation historique parmi les parties prenantes du monde entier, ralliant les gouvernements locaux et r\u00e9gionaux pour r\u00e9pondre aux d\u00e9fis urgents li\u00e9s \u00e0 l\u2019eau. Cet \u00e9v\u00e9nement important a jet\u00e9 les bases d\u2019engagements politiques solides visant \u00e0 aborder l\u2019ensemble du spectre des probl\u00e8mes li\u00e9s \u00e0 l\u2019eau en 2024, o\u00f9 diverses \u00e9tapes politiques seront li\u00e9es.<\/p>\n\n\n\n<p>Cette ann\u00e9e cruciale offre l\u2019occasion d\u2019inciter les gouvernements nationaux et le syst\u00e8me international \u00e0 cr\u00e9er un environnement propice aux gouvernements locaux et r\u00e9gionaux pour mettre en \u0153uvre, exploiter et r\u00e9glementer efficacement les services d\u2019eau. Ces services comprennent la production et la distribution d\u2019eau potable s\u00fbre, la gestion des eaux us\u00e9es, la gestion des d\u00e9chets solides et leur participation aux d\u00e9cisions relatives \u00e0 l\u2019am\u00e9lioration de la gestion de l\u2019eau.<\/p>\n<\/div>\n<\/div>\n\n\n\n<div class=\"wp-block-columns mt-10 equal-heights is-layout-flex wp-container-core-columns-is-layout-9d6595d7 wp-block-columns-is-layout-flex\">\n<div class=\"wp-block-column is-layout-flow wp-block-column-is-layout-flow\">\n<div class=\"wp-block-group has-light-green-cyan-background-color has-background\"><div class=\"wp-block-group__inner-container is-layout-constrained wp-block-group-is-layout-constrained\">\n<p><strong>10e Forum mondial de l\u2019eau<\/strong><\/p>\n\n\n\n<p>Alors que nous nous tournons vers le 10e Forum mondial de l\u2019eau, qui s\u2019annonce comme le plus grand rassemblement multipartite au monde, la sc\u00e8ne est pr\u00eate pour une consid\u00e9ration sans pr\u00e9c\u00e9dent du r\u00f4le pivot que jouent les autorit\u00e9s locales dans le fa\u00e7onnement de l\u2019avenir de la gestion et de la gouvernance de l\u2019eau. Le 10e Forum mondial de l\u2019eau r\u00e9unira des d\u00e9cideurs politiques, des institutions multilat\u00e9rales, des universitaires, des repr\u00e9sentants de la soci\u00e9t\u00e9 civile et des op\u00e9rateurs priv\u00e9s et publics, entre autres, pour partager des exp\u00e9riences, identifier des priorit\u00e9s et proposer des solutions concr\u00e8tes dans les domaines de l\u2019eau et de l\u2019assainissement.<\/p>\n\n\n\n<p> Il offrira \u00e9galement une occasion de plaider en faveur des priorit\u00e9s en mati\u00e8re d\u2019eau locales, de r\u00e9seauter et de nouer des partenariats, et d\u2019influencer les politiques associ\u00e9es au contexte local de l\u2019eau. Ces r\u00e9sultats contribueront \u00e0 renforcer la capacit\u00e9 \u00e0 comprendre les probl\u00e8mes locaux et la situation de l\u2019eau et \u00e0 promouvoir la gouvernance de l\u2019eau au niveau local.<\/p>\n<\/div><\/div>\n<\/div>\n\n\n\n<div class=\"wp-block-column is-layout-flow wp-block-column-is-layout-flow\">\n<div class=\"wp-block-group has-light-green-cyan-background-color has-background\"><div class=\"wp-block-group__inner-container is-layout-constrained wp-block-group-is-layout-constrained\">\n<p><strong>Conf\u00e9rence de la D\u00e9cennie des oc\u00e9ans 2024<\/strong><\/p>\n\n\n\n<p>Organis\u00e9e par le gouvernement espagnol \u00e0 Barcelone du 10 au 12 avril 2024, elle marquera un moment crucial dans la r\u00e9solution des d\u00e9fis mondiaux d\u00e9crits dans la D\u00e9cennie des Nations Unies pour la Science de l\u2019Oc\u00e9an au Service du D\u00e9veloppement Durable (2021-2030). En tant que quatri\u00e8me ann\u00e9e de mise en \u0153uvre, la conf\u00e9rence vise \u00e0 \u00e9valuer les r\u00e9alisations, \u00e0 identifier les domaines d\u2019action prioritaires et \u00e0 d\u00e9finir les priorit\u00e9s communes pour les trois \u00e0 cinq prochaines ann\u00e9es. Ax\u00e9 sur la fourniture d\u2019informations scientifiques essentielles pour fa\u00e7onner un avenir oc\u00e9anique durable, l\u2019\u00e9v\u00e9nement r\u00e9unira la communaut\u00e9 mondiale de la D\u00e9cennie des oc\u00e9ans pour aborder des questions critiques telles que le changement climatique, la s\u00e9curit\u00e9 alimentaire, la gestion de la biodiversit\u00e9, l\u2019\u00e9conomie oc\u00e9anique, la pollution et les risques naturels. En favorisant la collaboration et l\u2019innovation, la conf\u00e9rence vise \u00e0 jeter les bases d\u2019une gestion efficace des oc\u00e9ans et de solutions inclusives, garantissant un engagement commun en faveur de la gestion durable des oc\u00e9ans jusqu\u2019en 2030.<\/p>\n<\/div><\/div>\n<\/div>\n<\/div>\n\n\n\n<div class=\"wp-block-columns mt-5 equal-heights is-layout-flex wp-container-core-columns-is-layout-9d6595d7 wp-block-columns-is-layout-flex\">\n<div class=\"wp-block-column is-layout-flow wp-block-column-is-layout-flow\">\n<div class=\"wp-block-group has-light-green-cyan-background-color has-background\"><div class=\"wp-block-group__inner-container is-layout-constrained wp-block-group-is-layout-constrained\">\n<p><strong>Sommet One Water<\/strong><\/p>\n\n\n\n<p>Annonc\u00e9 lors de la COP28 par les pr\u00e9sidents Macron et Tokayev, le Sommet One Water pr\u00e9vu pour septembre 2024 \u00e0 New York souligne l\u2019urgence de r\u00e9pondre \u00e0 la crise mondiale de l\u2019eau face \u00e0 l\u2019aggravation des effets du changement climatique. Ax\u00e9 sur l\u2019am\u00e9lioration de la gouvernance de l\u2019eau et des solutions innovantes, ce sommet vise \u00e0 relever les d\u00e9fis croissants auxquels sont confront\u00e9es les ressources en eau dans le monde entier. La participation de diverses parties prenantes, notamment des ministres, des repr\u00e9sentants des Nations Unies, des autorit\u00e9s locales, des acteurs financiers et des ONG, t\u00e9moigne d\u2019un effort concert\u00e9 pour faire face \u00e0 la p\u00e9nurie d\u2019eau et \u00e0 la d\u00e9gradation de l\u2019environnement \u00e0 l\u2019\u00e9chelle mondiale. De plus, la coalition Freshwater Challenge, compos\u00e9e de gouvernements de divers pays, met en \u00e9vidence l\u2019engagement collectif \u00e0 restaurer les \u00e9cosyst\u00e8mes d\u00e9grad\u00e9s et \u00e0 garantir des pratiques durables de gestion de l\u2019eau, marquant ainsi une \u00e9tape importante vers la sauvegarde des ressources en eau pour les g\u00e9n\u00e9rations futures.<\/p>\n<\/div><\/div>\n<\/div>\n\n\n\n<div class=\"wp-block-column is-layout-flow wp-block-column-is-layout-flow\">\n<figure class=\"wp-block-image size-large\"><img decoding=\"async\" src=\"\/wp-content\/themes\/uji\/img\/mf24\/water-as-a-global-common-good-2.jpg\" alt=\"\" \/><figcaption class=\"wp-element-caption\"><em>\u00a9 Ocean Image Bank, Vincent&nbsp; Kneefel<\/em><\/figcaption><\/figure>\n<\/div>\n<\/div>\n<\/div><\/div>\n","protected":false},"excerpt":{"rendered":"<p>L\u2019eau en tant que bien commun mondial L\u2019eau est une ressource indispensable cruciale pour la survie humaine, la sant\u00e9, la prosp\u00e9rit\u00e9 \u00e9conomique et la durabilit\u00e9 environnementale. Malgr\u00e9 sa reconnaissance en tant que droit humain fondamental par les Nations Unies, le d\u00e9fi d\u2019acc\u00e9der \u00e0 l\u2019eau potable et \u00e0 l\u2019assainissement persiste, notamment au niveau local et r\u00e9gional. [&hellip;]<\/p>\n","protected":false},"author":1,"featured_media":0,"parent":59,"menu_order":10,"comment_status":"closed","ping_status":"closed","template":"","meta":{"footnotes":""},"class_list":["post-61","page","type-page","status-publish","hentry"],"yoast_head":"<!-- This site is optimized with the Yoast SEO plugin v27.0 - https:\/\/yoast.com\/product\/yoast-seo-wordpress\/ -->\n<title>L\u2019eau en tant que bien commun mondial - Municipal Forecast - Fran\u00e7ais<\/title>\n<meta name=\"robots\" content=\"index, follow, max-snippet:-1, max-image-preview:large, max-video-preview:-1\" \/>\n<link rel=\"canonical\" href=\"https:\/\/urbanjournalism.institute\/forecast-fr\/forecast-2024\/climate-challenges-in-2024\/water-as-a-global-common-good\/\" \/>\n<meta property=\"og:locale\" content=\"fr_FR\" \/>\n<meta property=\"og:type\" content=\"article\" \/>\n<meta property=\"og:title\" content=\"L\u2019eau en tant que bien commun mondial - Municipal Forecast - Fran\u00e7ais\" \/>\n<meta property=\"og:description\" content=\"L\u2019eau en tant que bien commun mondial L\u2019eau est une ressource indispensable cruciale pour la survie humaine, la sant\u00e9, la prosp\u00e9rit\u00e9 \u00e9conomique et la durabilit\u00e9 environnementale. Malgr\u00e9 sa reconnaissance en tant que droit humain fondamental par les Nations Unies, le d\u00e9fi d\u2019acc\u00e9der \u00e0 l\u2019eau potable et \u00e0 l\u2019assainissement persiste, notamment au niveau local et r\u00e9gional. [&hellip;]\" \/>\n<meta property=\"og:url\" content=\"https:\/\/urbanjournalism.institute\/forecast-fr\/forecast-2024\/climate-challenges-in-2024\/water-as-a-global-common-good\/\" \/>\n<meta property=\"og:site_name\" content=\"Municipal Forecast - Fran\u00e7ais\" \/>\n<meta property=\"article:modified_time\" content=\"2024-02-19T08:51:26+00:00\" \/>\n<meta name=\"twitter:card\" content=\"summary_large_image\" \/>\n<meta name=\"twitter:label1\" content=\"Dur\u00e9e de lecture estim\u00e9e\" \/>\n\t<meta name=\"twitter:data1\" content=\"5 minutes\" \/>\n<script type=\"application\/ld+json\" class=\"yoast-schema-graph\">{\"@context\":\"https:\/\/schema.org\",\"@graph\":[{\"@type\":\"WebPage\",\"@id\":\"https:\/\/urbanjournalism.institute\/forecast-fr\/forecast-2024\/climate-challenges-in-2024\/water-as-a-global-common-good\/\",\"url\":\"https:\/\/urbanjournalism.institute\/forecast-fr\/forecast-2024\/climate-challenges-in-2024\/water-as-a-global-common-good\/\",\"name\":\"L\u2019eau en tant que bien commun mondial - Municipal Forecast - Fran\u00e7ais\",\"isPartOf\":{\"@id\":\"https:\/\/urbanjournalism.institute\/forecast-fr\/#website\"},\"datePublished\":\"2024-02-18T09:31:27+00:00\",\"dateModified\":\"2024-02-19T08:51:26+00:00\",\"breadcrumb\":{\"@id\":\"https:\/\/urbanjournalism.institute\/forecast-fr\/forecast-2024\/climate-challenges-in-2024\/water-as-a-global-common-good\/#breadcrumb\"},\"inLanguage\":\"fr-FR\",\"potentialAction\":[{\"@type\":\"ReadAction\",\"target\":[\"https:\/\/urbanjournalism.institute\/forecast-fr\/forecast-2024\/climate-challenges-in-2024\/water-as-a-global-common-good\/\"]}]},{\"@type\":\"BreadcrumbList\",\"@id\":\"https:\/\/urbanjournalism.institute\/forecast-fr\/forecast-2024\/climate-challenges-in-2024\/water-as-a-global-common-good\/#breadcrumb\",\"itemListElement\":[{\"@type\":\"ListItem\",\"position\":1,\"name\":\"Forecast 2024\",\"item\":\"https:\/\/urbanjournalism.institute\/forecast-fr\/\"},{\"@type\":\"ListItem\",\"position\":2,\"name\":\"D\u00e9fis climatiques en 2024\",\"item\":\"https:\/\/urbanjournalism.institute\/forecast-fr\/forecast-2024\/climate-challenges-in-2024\/\"},{\"@type\":\"ListItem\",\"position\":3,\"name\":\"L\u2019eau en tant que bien commun mondial\"}]},{\"@type\":\"WebSite\",\"@id\":\"https:\/\/urbanjournalism.institute\/forecast-fr\/#website\",\"url\":\"https:\/\/urbanjournalism.institute\/forecast-fr\/\",\"name\":\"Municipal Forecast - Fran\u00e7ais\",\"description\":\"\",\"potentialAction\":[{\"@type\":\"SearchAction\",\"target\":{\"@type\":\"EntryPoint\",\"urlTemplate\":\"https:\/\/urbanjournalism.institute\/forecast-fr\/?s={search_term_string}\"},\"query-input\":{\"@type\":\"PropertyValueSpecification\",\"valueRequired\":true,\"valueName\":\"search_term_string\"}}],\"inLanguage\":\"fr-FR\"}]}<\/script>\n<!-- \/ Yoast SEO plugin. -->","yoast_head_json":{"title":"L\u2019eau en tant que bien commun mondial - Municipal Forecast - Fran\u00e7ais","robots":{"index":"index","follow":"follow","max-snippet":"max-snippet:-1","max-image-preview":"max-image-preview:large","max-video-preview":"max-video-preview:-1"},"canonical":"https:\/\/urbanjournalism.institute\/forecast-fr\/forecast-2024\/climate-challenges-in-2024\/water-as-a-global-common-good\/","og_locale":"fr_FR","og_type":"article","og_title":"L\u2019eau en tant que bien commun mondial - Municipal Forecast - Fran\u00e7ais","og_description":"L\u2019eau en tant que bien commun mondial L\u2019eau est une ressource indispensable cruciale pour la survie humaine, la sant\u00e9, la prosp\u00e9rit\u00e9 \u00e9conomique et la durabilit\u00e9 environnementale. Malgr\u00e9 sa reconnaissance en tant que droit humain fondamental par les Nations Unies, le d\u00e9fi d\u2019acc\u00e9der \u00e0 l\u2019eau potable et \u00e0 l\u2019assainissement persiste, notamment au niveau local et r\u00e9gional. [&hellip;]","og_url":"https:\/\/urbanjournalism.institute\/forecast-fr\/forecast-2024\/climate-challenges-in-2024\/water-as-a-global-common-good\/","og_site_name":"Municipal Forecast - Fran\u00e7ais","article_modified_time":"2024-02-19T08:51:26+00:00","twitter_card":"summary_large_image","twitter_misc":{"Dur\u00e9e de lecture estim\u00e9e":"5 minutes"},"schema":{"@context":"https:\/\/schema.org","@graph":[{"@type":"WebPage","@id":"https:\/\/urbanjournalism.institute\/forecast-fr\/forecast-2024\/climate-challenges-in-2024\/water-as-a-global-common-good\/","url":"https:\/\/urbanjournalism.institute\/forecast-fr\/forecast-2024\/climate-challenges-in-2024\/water-as-a-global-common-good\/","name":"L\u2019eau en tant que bien commun mondial - Municipal Forecast - Fran\u00e7ais","isPartOf":{"@id":"https:\/\/urbanjournalism.institute\/forecast-fr\/#website"},"datePublished":"2024-02-18T09:31:27+00:00","dateModified":"2024-02-19T08:51:26+00:00","breadcrumb":{"@id":"https:\/\/urbanjournalism.institute\/forecast-fr\/forecast-2024\/climate-challenges-in-2024\/water-as-a-global-common-good\/#breadcrumb"},"inLanguage":"fr-FR","potentialAction":[{"@type":"ReadAction","target":["https:\/\/urbanjournalism.institute\/forecast-fr\/forecast-2024\/climate-challenges-in-2024\/water-as-a-global-common-good\/"]}]},{"@type":"BreadcrumbList","@id":"https:\/\/urbanjournalism.institute\/forecast-fr\/forecast-2024\/climate-challenges-in-2024\/water-as-a-global-common-good\/#breadcrumb","itemListElement":[{"@type":"ListItem","position":1,"name":"Forecast 2024","item":"https:\/\/urbanjournalism.institute\/forecast-fr\/"},{"@type":"ListItem","position":2,"name":"D\u00e9fis climatiques en 2024","item":"https:\/\/urbanjournalism.institute\/forecast-fr\/forecast-2024\/climate-challenges-in-2024\/"},{"@type":"ListItem","position":3,"name":"L\u2019eau en tant que bien commun mondial"}]},{"@type":"WebSite","@id":"https:\/\/urbanjournalism.institute\/forecast-fr\/#website","url":"https:\/\/urbanjournalism.institute\/forecast-fr\/","name":"Municipal Forecast - Fran\u00e7ais","description":"","potentialAction":[{"@type":"SearchAction","target":{"@type":"EntryPoint","urlTemplate":"https:\/\/urbanjournalism.institute\/forecast-fr\/?s={search_term_string}"},"query-input":{"@type":"PropertyValueSpecification","valueRequired":true,"valueName":"search_term_string"}}],"inLanguage":"fr-FR"}]}},"_links":{"self":[{"href":"https:\/\/urbanjournalism.institute\/forecast-fr\/wp-json\/wp\/v2\/pages\/61","targetHints":{"allow":["GET"]}}],"collection":[{"href":"https:\/\/urbanjournalism.institute\/forecast-fr\/wp-json\/wp\/v2\/pages"}],"about":[{"href":"https:\/\/urbanjournalism.institute\/forecast-fr\/wp-json\/wp\/v2\/types\/page"}],"author":[{"embeddable":true,"href":"https:\/\/urbanjournalism.institute\/forecast-fr\/wp-json\/wp\/v2\/users\/1"}],"replies":[{"embeddable":true,"href":"https:\/\/urbanjournalism.institute\/forecast-fr\/wp-json\/wp\/v2\/comments?post=61"}],"version-history":[{"count":2,"href":"https:\/\/urbanjournalism.institute\/forecast-fr\/wp-json\/wp\/v2\/pages\/61\/revisions"}],"predecessor-version":[{"id":146,"href":"https:\/\/urbanjournalism.institute\/forecast-fr\/wp-json\/wp\/v2\/pages\/61\/revisions\/146"}],"up":[{"embeddable":true,"href":"https:\/\/urbanjournalism.institute\/forecast-fr\/wp-json\/wp\/v2\/pages\/59"}],"wp:attachment":[{"href":"https:\/\/urbanjournalism.institute\/forecast-fr\/wp-json\/wp\/v2\/media?parent=61"}],"curies":[{"name":"wp","href":"https:\/\/api.w.org\/{rel}","templated":true}]}}